{"id":1002,"date":"2024-03-02T06:32:43","date_gmt":"2024-03-02T06:32:43","guid":{"rendered":"https:\/\/izmirkadinhastaliklari.com\/?page_id=1002"},"modified":"2024-11-14T18:25:14","modified_gmt":"2024-11-14T18:25:14","slug":"dr-banu-sagoz-kadin-hastaliklari-uzmani","status":"publish","type":"page","link":"https:\/\/izmirkadinhastaliklari.com\/en\/dr-banu-sagoz-kadin-hastaliklari-uzmani\/","title":{"rendered":"Hakk\u0131mda"},"content":{"rendered":"<div class=\"wpb-content-wrapper\"><p>[vc_row][vc_column width=&#8221;1\/4&#8243;][vc_empty_space height=&#8221;10&#8243;][vc_single_image image=&#8221;1122&#8243; img_size=&#8221;full&#8221; alignment=&#8221;center&#8221;][vc_empty_space height=&#8221;10&#8243;][\/vc_column][vc_column width=&#8221;3\/4&#8243;][vc_column_text]<\/p>\n<div class=\"wpb_text_column wpb_content_element \">\n<div class=\"wpb_wrapper\">\n<h4><span style=\"color: #000000;\"><strong>Op. Dr. Banu SA\u011eS\u00d6Z<\/strong><\/span><\/h4>\n<p><span style=\"color: #000000;\">DR. BANU SA\u011eS\u00d6Z 15\/10\/1968 tarihinde \u0130stanbul da do\u011fmu\u015ftur.1985 tarihinde \u00dcsk\u00fcdar kandilli k\u0131z lisesinden 1.\u2019likle mezun olmu\u015ftur.1985 \u0130stanbul \u00dcniversitesi T\u0131p Fak\u00fcltesine ba\u015flam\u0131\u015f ve 1991 y\u0131l\u0131nda mezun olmu\u015ftur.1992-1997 y\u0131llar\u0131 aras\u0131nda \u0130stanbul \u015fi\u015fli okmeydan\u0131 ssk hastanesi kad\u0131n hastal\u0131klar\u0131 do\u011fum b\u00f6l\u00fcm\u00fcnde kad\u0131n hastal\u0131klar\u0131 ve do\u011fum ihtisas\u0131n\u0131 tamamlam\u0131\u015ft\u0131r.\u0130stanbul g\u00f6ztepe e\u011fitim hastanesi,pa\u015fabah\u00e7e ssk hastanesi ve kad\u0131k\u00f6y dispanserinde kad\u0131n hastal\u0131klar\u0131 ve do\u011fum uzman\u0131 olarak \u00e7al\u0131\u015fm\u0131\u015ft\u0131r.\u0130stanbul da pek \u00e7ok \u00f6zel hastaneler de kad\u0131n hastal\u0131klar\u0131 ve do\u011fum uzman\u0131 olarak \u00e7al\u0131\u015fm\u0131\u015ft\u0131r.20 y\u0131ld\u0131r \u0130zmir de serbest muayenehanesinde kad\u0131n hastal\u0131klar\u0131 ve do\u011fum uzman\u0131 olarak \u00e7al\u0131\u015fmaktad\u0131r.Ameliyat ve do\u011fumlar\u0131n\u0131 izmir deki \u00f6zel ege\u015fehir hastanesi,\u00f6zel g\u00f6zde hastanesi,\u00f6zel bornova ata sa\u011fl\u0131k hastanesi ve \u00f6zel medicalpark hastanesinde ger\u00e7ekle\u015ftirmektedir.2018 y\u0131l\u0131nda Ege \u00dcniversitesi kad\u0131n hastal\u0131klar\u0131 do\u011fum infertilite ve t\u00fcp bebek b\u00f6l\u00fcm\u00fcnde ki e\u011fitimini tamaml\u0131yarak t\u00fcp bebek unvan\u0131n\u0131 kazanm\u0131\u015ft\u0131r.Halen kar\u015f\u0131yakada ki muayenehanesinde kad\u0131n hastal\u0131klar\u0131 do\u011fum ve t\u00fcp bebek uzman\u0131 olarak \u00e7al\u0131\u015fmaktad\u0131r.<\/span><\/p>\n<\/div>\n<\/div>\n<p>[\/vc_column_text][vc_empty_space height=&#8221;10&#8243;][vc_empty_space height=&#8221;10&#8243;][\/vc_column][\/vc_row]<\/p>\n<\/div>","protected":false},"excerpt":{"rendered":"<p>[vc_row][vc_column width=&#8221;1\/4&#8243;][vc_empty_space height=&#8221;10&#8243;][vc_single_image image=&#8221;1122&#8243; img_size=&#8221;full&#8221; alignment=&#8221;center&#8221;][vc_empty_space height=&#8221;10&#8243;][\/vc_column][vc_column width=&#8221;3\/4&#8243;][vc_column_text] Op. Dr. Banu SA\u011eS\u00d6Z DR. BANU SA\u011eS\u00d6Z 15\/10\/1968 tarihinde \u0130stanbul da do\u011fmu\u015ftur.1985 tarihinde \u00dcsk\u00fcdar kandilli k\u0131z lisesinden 1.\u2019likle mezun olmu\u015ftur.1985 \u0130stanbul \u00dcniversitesi T\u0131p Fak\u00fcltesine ba\u015flam\u0131\u015f ve 1991 y\u0131l\u0131nda mezun olmu\u015ftur.1992-1997 y\u0131llar\u0131 aras\u0131nda \u0130stanbul \u015fi\u015fli okmeydan\u0131 ssk hastanesi kad\u0131n hastal\u0131klar\u0131 do\u011fum b\u00f6l\u00fcm\u00fcnde kad\u0131n hastal\u0131klar\u0131 ve do\u011fum ihtisas\u0131n\u0131 tamamlam\u0131\u015ft\u0131r.\u0130stanbul [&hellip;]<\/p>\n","protected":false},"author":1,"featured_media":0,"parent":0,"menu_order":0,"comment_status":"closed","ping_status":"closed","template":"","meta":{"footnotes":""},"class_list":["post-1002","page","type-page","status-publish","hentry"],"_links":{"self":[{"href":"https:\/\/izmirkadinhastaliklari.com\/en\/wp-json\/wp\/v2\/pages\/1002","targetHints":{"allow":["GET"]}}],"collection":[{"href":"https:\/\/izmirkadinhastaliklari.com\/en\/wp-json\/wp\/v2\/pages"}],"about":[{"href":"https:\/\/izmirkadinhastaliklari.com\/en\/wp-json\/wp\/v2\/types\/page"}],"author":[{"embeddable":true,"href":"https:\/\/izmirkadinhastaliklari.com\/en\/wp-json\/wp\/v2\/users\/1"}],"replies":[{"embeddable":true,"href":"https:\/\/izmirkadinhastaliklari.com\/en\/wp-json\/wp\/v2\/comments?post=1002"}],"version-history":[{"count":10,"href":"https:\/\/izmirkadinhastaliklari.com\/en\/wp-json\/wp\/v2\/pages\/1002\/revisions"}],"predecessor-version":[{"id":1434,"href":"https:\/\/izmirkadinhastaliklari.com\/en\/wp-json\/wp\/v2\/pages\/1002\/revisions\/1434"}],"wp:attachment":[{"href":"https:\/\/izmirkadinhastaliklari.com\/en\/wp-json\/wp\/v2\/media?parent=1002"}],"curies":[{"name":"wp","href":"https:\/\/api.w.org\/{rel}","templated":true}]}}